{"id":1759,"date":"2015-05-03T17:04:57","date_gmt":"2015-05-03T17:04:57","guid":{"rendered":"http:\/\/visit-meknes.com\/?page_id=1759"},"modified":"2015-06-01T21:16:30","modified_gmt":"2015-06-01T21:16:30","slug":"moulay-smail-1646-1727","status":"publish","type":"page","link":"https:\/\/visit-meknes.com\/fr\/moulay-smail-1646-1727\/","title":{"rendered":"MOULAY SMAIL\u00a0 (1646 &#8211; 1727)"},"content":{"rendered":"<p style=\"text-align: justify;\"><a href=\"http:\/\/visit-meknes.com\/wp-content\/uploads\/2015\/05\/roi-moulay-ismail-meknes.jpg\"><img loading=\"lazy\" decoding=\"async\" class=\"alignleft  wp-image-1760\" src=\"http:\/\/visit-meknes.com\/wp-content\/uploads\/2015\/05\/roi-moulay-ismail-meknes.jpg\" alt=\"roi-moulay-ismail-meknes\" width=\"282\" height=\"389\" \/><\/a><\/p>\n<ul>\n<li>\n<h2 style=\"text-align: justify;\">MOULAY SMAIL (1646 &#8211; 1727) fait de Mekn\u00e8s la capitale du Royaume en 1672<\/h2>\n<\/li>\n<\/ul>\n<p style=\"text-align: justify;\">Gouverneur de Mekn\u00e8s\u00a0 avant\u00a0 son accession\u00a0 au tr\u00f4ne, Moulay Isma\u00efl a \u00e9t\u00e9 intronis\u00e9 en 1672, \u00e0 l\u2019\u00e2ge de 26 ans. Il d\u00e9cida d\u2019en faire sa capitale. Il mit pr\u00e9s de 25 ans \u00e0 combattre les tribus hostiles pour \u00e9tablir son autorit\u00e9 sur le pays et le prot\u00e9ger des convoitises des Espagnols qui occupaient El Ma\u00e2mora, actuelle Mehdia, Larache, Assilah, Ceuta et Melilla et\u00a0 les \u00eeles Penon de Valez.\u00a0 Il devait en outre parer aux menaces des Portugais qui occupaient Mogador et\u00a0 des Anglais, qui convoitaient la ville de Tanger, alors que les Fran\u00e7ais \u00e9taient d\u00e9j\u00e0 install\u00e9s sur la c\u00f4te m\u00e9diterran\u00e9enne.\u00a0 Moulay Isma\u00efl, fascin\u00e9 par Versailles et le Roi Soleil, \u00e9tait tr\u00e8s attir\u00e9 par le monumental. Il entoura sa capitale de bastions, de murailles et de portes aux dimensions d\u00e9mesur\u00e9es,\u00a0 \u00e0 l\u2019image de la grandeur \u00e0 laquelle il aspirait. Ses haras pouvaient contenir jusqu\u2019\u00e0 12.000 chevaux et sa puissante arm\u00e9e comptait plus de 150.000 hommes. Sur le plan diplomatique, le sultan avait des relations \u00e9troites avec le Roi de France Louis XIV.\u00a0 C\u2019est ainsi que le Maroc et la France sign\u00e8rent le trait\u00e9 de Saint-Germain qui\u00a0 instaura le principe de non agression entre les navires des deux pays, le rachat des captifs et l\u2019installation de consulats fran\u00e7ais \u00e0 Sal\u00e9 et T\u00e9touan. Trait\u00e9 dont le suivi \u00e9tait confi\u00e9 \u00e0\u00a0 l\u2019ambassadeur Ben A\u00eecha qui se rendit en France en 1698.\u00a0 \u00c0 son retour, Ben A\u00eecha fit au sultan le r\u00e9cit \u00e9merveill\u00e9 de son voyage et\u00a0 de sa rencontre avec Anne-Marie de Bourbon, future princesse de Conti et fille du Roi-Soleil. Ses \u00e9loges et ses descriptions firent na\u00eetre chez Moulay Isma\u00efl une envie telle qu\u2019il sollicita la main de la princesse! D\u00e9marche qui inspira nombre de nouvellistes et po\u00e8tes de la cour, mais\u00a0 qui n\u2019eut aucune suite.<\/p>\n<p style=\"text-align: justify;\">Jean-Baptiste Rousseau\u00a0 composa pour elle ce couplet : <strong>\u00ab&#8230;Votre beaut\u00e9, princesse, porte les traits dont l\u2019amour blesse jusqu\u2019aux plus sauvages lieux\u2026 L\u2019Afrique avec vous capitule et les conqu\u00eates de vos yeux vont plus loin que celles d\u2019Hercule&#8230;\u00bb.<\/strong><\/p>\n","protected":false},"excerpt":{"rendered":"<p>MOULAY SMAIL (1646 &#8211; 1727) fait de Mekn\u00e8s la capitale du Royaume en 1672 Gouverneur de Mekn\u00e8s\u00a0 avant\u00a0 son accession\u00a0 au tr\u00f4ne, Moulay Isma\u00efl a \u00e9t\u00e9 intronis\u00e9 en 1672, \u00e0 l\u2019\u00e2ge de 26 ans. Il d\u00e9cida d\u2019en faire sa capitale. Il mit pr\u00e9s de 25 ans \u00e0 combattre les tribus hostiles pour \u00e9tablir son autorit\u00e9<\/p>\n","protected":false},"author":1,"featured_media":1760,"parent":0,"menu_order":0,"comment_status":"open","ping_status":"open","template":"","meta":{"footnotes":""},"_links":{"self":[{"href":"https:\/\/visit-meknes.com\/fr\/wp-json\/wp\/v2\/pages\/1759"}],"collection":[{"href":"https:\/\/visit-meknes.com\/fr\/wp-json\/wp\/v2\/pages"}],"about":[{"href":"https:\/\/visit-meknes.com\/fr\/wp-json\/wp\/v2\/types\/page"}],"author":[{"embeddable":true,"href":"https:\/\/visit-meknes.com\/fr\/wp-json\/wp\/v2\/users\/1"}],"replies":[{"embeddable":true,"href":"https:\/\/visit-meknes.com\/fr\/wp-json\/wp\/v2\/comments?post=1759"}],"version-history":[{"count":4,"href":"https:\/\/visit-meknes.com\/fr\/wp-json\/wp\/v2\/pages\/1759\/revisions"}],"predecessor-version":[{"id":2107,"href":"https:\/\/visit-meknes.com\/fr\/wp-json\/wp\/v2\/pages\/1759\/revisions\/2107"}],"wp:featuredmedia":[{"embeddable":true,"href":"https:\/\/visit-meknes.com\/fr\/wp-json\/wp\/v2\/media\/1760"}],"wp:attachment":[{"href":"https:\/\/visit-meknes.com\/fr\/wp-json\/wp\/v2\/media?parent=1759"}],"curies":[{"name":"wp","href":"https:\/\/api.w.org\/{rel}","templated":true}]}}